{"id":43310,"date":"2016-08-12T06:13:19","date_gmt":"2016-08-12T06:13:19","guid":{"rendered":"http:\/\/daciacluj.ro\/?page_id=43310"},"modified":"2018-05-29T08:43:49","modified_gmt":"2018-05-29T08:43:49","slug":"termenii-si-conditiile-privind-prelucrarea-datelor-personale","status":"publish","type":"page","link":"https:\/\/daciacluj.ro\/dacia-cluj\/termenii-si-conditiile-privind-prelucrarea-datelor-personale\/","title":{"rendered":"Termenii \u0219i condi\u021biile privind prelucrarea datelor personale"},"content":{"rendered":"<div class=\"wpb-content-wrapper\"><p>[vc_row][vc_column][vc_column_text]Dacia Cluj garanteaz\u0103 confiden\u021bialitatea datelor personale colectate \u00een timpul vizit\u0103rii de c\u0103tre dvs. a paginilor sale Web, \u00een concordan\u021b\u0103 cu legisla\u021bia rom\u00e2n\u0103 \u0219i european\u0103 \u00een vigoare. Dacia Cluj prelucreaz\u0103 datele cu caracter personal furnizate de dumneavoastr\u0103, pentru contactarea prin email, mesaje text sau telefon, \u00een leg\u0103tur\u0103 cu oferte de produse \u0219i\/sau servicii solicitate explicit de dvs., sau \u00een vederea determin\u0103rii ulterioare a gradului dvs. de satisfac\u021bie, conform prevederilor Legii 677\/2001 \u0219i ale Regulamentului UE 2016\/679. Prelucrarea datelor cu caracter personal de c\u0103tre Dacia Cluj este notificat\u0103 la A.N.S.P.D.C.P. sub numerele: 21.256-21.258\/12.10.2011.[\/vc_column_text][\/vc_column][\/vc_row]<\/p>\n<\/div>","protected":false},"excerpt":{"rendered":"<p>[vc_row][vc_column][vc_column_text]Dacia Cluj garanteaz\u0103 confiden\u021bialitatea datelor personale colectate \u00een timpul vizit\u0103rii de c\u0103tre dvs. a paginilor sale Web, \u00een concordan\u021b\u0103 cu legisla\u021bia rom\u00e2n\u0103 \u0219i european\u0103 \u00een vigoare. Dacia Cluj prelucreaz\u0103 datele cu caracter personal furnizate de dumneavoastr\u0103, pentru contactarea prin email, mesaje text sau telefon, \u00een leg\u0103tur\u0103 cu oferte de produse \u0219i\/sau servicii solicitate explicit de&hellip;<\/p>\n","protected":false},"author":1,"featured_media":0,"parent":0,"menu_order":0,"comment_status":"closed","ping_status":"closed","template":"","meta":{"footnotes":""},"class_list":["post-43310","page","type-page","status-publish","hentry","description-off"],"_links":{"self":[{"href":"https:\/\/daciacluj.ro\/dacia-cluj\/wp-json\/wp\/v2\/pages\/43310","targetHints":{"allow":["GET"]}}],"collection":[{"href":"https:\/\/daciacluj.ro\/dacia-cluj\/wp-json\/wp\/v2\/pages"}],"about":[{"href":"https:\/\/daciacluj.ro\/dacia-cluj\/wp-json\/wp\/v2\/types\/page"}],"author":[{"embeddable":true,"href":"https:\/\/daciacluj.ro\/dacia-cluj\/wp-json\/wp\/v2\/users\/1"}],"replies":[{"embeddable":true,"href":"https:\/\/daciacluj.ro\/dacia-cluj\/wp-json\/wp\/v2\/comments?post=43310"}],"version-history":[{"count":3,"href":"https:\/\/daciacluj.ro\/dacia-cluj\/wp-json\/wp\/v2\/pages\/43310\/revisions"}],"predecessor-version":[{"id":43474,"href":"https:\/\/daciacluj.ro\/dacia-cluj\/wp-json\/wp\/v2\/pages\/43310\/revisions\/43474"}],"wp:attachment":[{"href":"https:\/\/daciacluj.ro\/dacia-cluj\/wp-json\/wp\/v2\/media?parent=43310"}],"curies":[{"name":"wp","href":"https:\/\/api.w.org\/{rel}","templated":true}]}}