{"id":43888,"date":"2022-10-24T10:24:43","date_gmt":"2022-10-24T10:24:43","guid":{"rendered":"http:\/\/daciacluj.ro\/?page_id=43888"},"modified":"2025-08-11T09:23:51","modified_gmt":"2025-08-11T09:23:51","slug":"dacia-logan","status":"publish","type":"page","link":"https:\/\/daciacluj.ro\/dacia-cluj\/dacia-logan\/","title":{"rendered":"Dacia Logan"},"content":{"rendered":"<div class=\"wpb-content-wrapper\"><p>[vc_row margin_top=&#8221;-50&#8243; margin_bottom=&#8221;5&#8243; css=&#8221;.vc_custom_1467111287615{margin-bottom: 5px !important;}&#8221;][vc_column][vc_row_inner][vc_column_inner][vc_empty_space][\/vc_column_inner][\/vc_row_inner][vc_text_separator title=&#8221;&#8221; color=&#8221;custom&#8221; style=&#8221;shadow&#8221; border_width=&#8221;2&#8243; accent_color=&#8221;#b33d26&#8243;][vc_column_text][\/vc_column_text][vc_row_inner][vc_column_inner width=&#8221;1\/2&#8243;][vc_empty_space height=&#8221;20px&#8221;][vc_empty_space height=&#8221;40px&#8221;][vc_empty_space height=&#8221;15px&#8221;][vc_single_image image=&#8221;44273&#8243; img_size=&#8221;full&#8221; alignment=&#8221;center&#8221;][\/vc_column_inner][vc_column_inner width=&#8221;1\/2&#8243;][vc_single_image image=&#8221;43807&#8243; img_size=&#8221;large&#8221; alignment=&#8221;right&#8221;][\/vc_column_inner][\/vc_row_inner][\/vc_column][\/vc_row][vc_row][vc_column][vc_separator][vc_column_text]<\/p>\n<h2 class=\"Component4v0__strapline\" style=\"text-align: center;\">DESIGN<\/h2>\n<h2 class=\"Component4v0__title\" style=\"text-align: center;\">SEDAN SPA\u021aIOS<span class=\"Component4v0__titleSuffix\">\u00a0DE FAMILIE<\/span><\/h2>\n<p>[\/vc_column_text][vc_column_text]<\/p>\n<div class=\"AemRTE EditoImgText__editoDescription\" style=\"text-align: center;\"><strong><span style=\"font-size: 14pt;\">Modelul Logan \u00ee\u0219i dezv\u0103luie designul complet actualizat. Partea din fa\u021b\u0103 restilizat\u0103 \u0219i silueta robust\u0103 sunt eviden\u021biate de farurile de zi cu LED, noua semnatur\u0103 luminoas\u0103 \u00een form\u0103 de Y. Sedanul dispune de echipamente practice \u0219i unul dintre cele mai spa\u021bioase habitacluri pentru clasa din care face parte.<\/span><\/strong><\/div>\n<p>[\/vc_column_text][vc_single_image image=&#8221;44279&#8243; img_size=&#8221;full&#8221; alignment=&#8221;center&#8221;][vc_separator][\/vc_column][\/vc_row][vc_row margin_top=&#8221;-50&#8243; margin_bottom=&#8221;5&#8243; css=&#8221;.vc_custom_1467111287615{margin-bottom: 5px !important;}&#8221;][vc_column width=&#8221;1\/2&#8243;][vc_text_separator title=&#8221;&#8221; color=&#8221;custom&#8221; style=&#8221;shadow&#8221; accent_color=&#8221;#b33d26&#8243;][vc_empty_space height=&#8221;60px&#8221;][vc_empty_space][vc_empty_space height=&#8221;15px&#8221;][vc_column_text]<\/p>\n<h2 style=\"text-align: center;\">O EXPERIEN\u021a\u0102 PL\u0102CUT\u0102\u00a0<span class=\"Component4v0__titleSuffix\">LA BORD<\/span><\/h2>\n<p>[\/vc_column_text][vc_empty_space height=&#8221;15px&#8221;][vc_empty_space][vc_empty_space height=&#8221;60px&#8221;][vc_text_separator title=&#8221;&#8221; color=&#8221;custom&#8221; style=&#8221;shadow&#8221; accent_color=&#8221;#b33d26&#8243;][\/vc_column][vc_column width=&#8221;1\/2&#8243;]<section class=\"shortcode-teaser frame-fancy frame-on fadeInDownBig animate-element\"><div class=\"layzr-bg shortcode-teaser-img\"><img loading=\"lazy\" decoding=\"async\" class=\"lazy-load\" src=\"data:image\/svg+xml;charset=utf-8,%3Csvg xmlns%3D&#039;http%3A%2F%2Fwww.w3.org%2F2000%2Fsvg&#039; viewBox%3D&#039;0 0 1214 681&#039;%2F%3E\" width=\"1214\" height=\"681\" data-srcset=\"https:\/\/daciacluj.ro\/wp-content\/uploads\/2024\/06\/L4.jpg 1214w\" data-src=\"https:\/\/daciacluj.ro\/wp-content\/uploads\/2024\/06\/L4.jpg\" \/><\/div><div class=\"shortcode-teaser-content text-big\"><\/div><\/section>[vc_empty_space][vc_empty_space][\/vc_column][\/vc_row][vc_row][vc_column width=&#8221;1\/2&#8243;][vc_empty_space height=&#8221;55px&#8221;][vc_btn title=&#8221;CONFIGUREAZ\u0102 MODEL&#8221; style=&#8221;custom&#8221; custom_background=&#8221;#626d50&#8243; custom_text=&#8221;#ffffff&#8221; align=&#8221;left&#8221; i_icon_fontawesome=&#8221;fa fa-angle-double-right&#8221; button_block=&#8221;true&#8221; add_icon=&#8221;true&#8221; link=&#8221;url:https%3A%2F%2Fwww.dacia.ro%2Fgama-dacia%2Flogan%2Fconfigurator.html%23configure%2FA||target:%20_blank&#8221;][vc_btn title=&#8221;VEZI BRO\u0218URA&#8221; style=&#8221;gradient-custom&#8221; gradient_custom_color_1=&#8221;#626d50&#8243; gradient_custom_color_2=&#8221;#000a02&#8243; align=&#8221;left&#8221; i_icon_fontawesome=&#8221;fa fa-angle-double-right&#8221; button_block=&#8221;true&#8221; add_icon=&#8221;true&#8221; link=&#8221;url:https%3A%2F%2Fcdn.group.renault.com%2Fdac%2Fro%2Fbrosuri%2FBrosura-Logan-NBI-iunie-2022-297&#215;210.pdf||target:%20_blank&#8221;][vc_btn title=&#8221;SOLICITARE INFORMATII&#8221; style=&#8221;gradient-custom&#8221; gradient_custom_color_1=&#8221;#626d50&#8243; gradient_custom_color_2=&#8221;#0a0c00&#8243; align=&#8221;left&#8221; i_icon_fontawesome=&#8221;&#8221; button_block=&#8221;true&#8221; add_icon=&#8221;true&#8221; link=&#8221;url:https%3A%2F%2Fdaciacluj.ro%2Fsolicitare-oferta%2F|title:Solicitare%20ofert%C4%83|target:_blank&#8221;][\/vc_column][vc_column width=&#8221;1\/2&#8243;][vc_empty_space height=&#8221;55px&#8221;][vc_single_image image=&#8221;44337&#8243; img_size=&#8221;full&#8221; alignment=&#8221;right&#8221;][vc_btn title=&#8221;CONTACTEAZ\u0102-NE!&#8221; style=&#8221;gradient-custom&#8221; gradient_custom_color_1=&#8221;#0a0000&#8243; gradient_custom_color_2=&#8221;#626d50&#8243; align=&#8221;center&#8221; button_block=&#8221;true&#8221; smooth_scroll=&#8221;true&#8221; link=&#8221;url:http%3A%2F%2Fdaciacluj.ro%2Fcontact%2F||target:%20_blank&#8221;][\/vc_column][\/vc_row][vc_row][vc_column][vc_separator color=&#8221;black&#8221; border_width=&#8221;2&#8243;][\/vc_column][\/vc_row][vc_row][vc_column width=&#8221;1\/4&#8243;]<style type=\"text\/css\" data-type=\"the7_shortcodes-inline-css\">#default-btn-6cc004d58e1f0998fc00bf89608cf63d.ico-right-side > i {\n  margin-right: 0px;\n  margin-left: 8px;\n}\n#default-btn-6cc004d58e1f0998fc00bf89608cf63d > i {\n  margin-right: 8px;\n}\n<\/style><a href=\"https:\/\/daciacluj.ro\/programare-drive-test\/\" class=\"default-btn-shortcode dt-btn dt-btn-l link-hover-off btn-inline-left \" id=\"default-btn-6cc004d58e1f0998fc00bf89608cf63d\" title=\"Programare Drive Test\"><span>Programare drive test<\/span><\/a>[\/vc_column][vc_column width=&#8221;1\/4&#8243;]<style type=\"text\/css\" data-type=\"the7_shortcodes-inline-css\">#default-btn-cb178531b27cf49feb320a5512d605ac.ico-right-side > i {\n  margin-right: 0px;\n  margin-left: 8px;\n}\n#default-btn-cb178531b27cf49feb320a5512d605ac > i {\n  margin-right: 8px;\n}\n<\/style><a href=\"https:\/\/daciacluj.ro\/solicitare-oferta\/\" class=\"default-btn-shortcode dt-btn dt-btn-l link-hover-off btn-inline-left \" id=\"default-btn-cb178531b27cf49feb320a5512d605ac\" title=\"Solicitare Ofert\u0103\"><span>Solicitare Ofert\u0103<\/span><\/a>[\/vc_column][vc_column width=&#8221;1\/4&#8243;]<style type=\"text\/css\" data-type=\"the7_shortcodes-inline-css\">#default-btn-0eb9b85b8a17103091e19746b66f313e.ico-right-side > i {\n  margin-right: 0px;\n  margin-left: 8px;\n}\n#default-btn-0eb9b85b8a17103091e19746b66f313e > i {\n  margin-right: 8px;\n}\n<\/style><a href=\"https:\/\/daciacluj.ro\/programare-in-service\/\" class=\"default-btn-shortcode dt-btn dt-btn-l link-hover-off btn-inline-left \" id=\"default-btn-0eb9b85b8a17103091e19746b66f313e\" title=\"Programare \u00cen Service\"><span>Programare \u00een service<\/span><\/a>[\/vc_column][vc_column width=&#8221;1\/4&#8243;]<style type=\"text\/css\" data-type=\"the7_shortcodes-inline-css\">#default-btn-a306f6bc99f7b4c4fadd51cd5e6dd737.ico-right-side > i {\n  margin-right: 0px;\n  margin-left: 8px;\n}\n#default-btn-a306f6bc99f7b4c4fadd51cd5e6dd737 > i {\n  margin-right: 8px;\n}\n<\/style><div class=\"btn-align-right\"><a href=\"https:\/\/daciacluj.ro\/programare-itp\/\" class=\"default-btn-shortcode dt-btn dt-btn-l link-hover-off \" id=\"default-btn-a306f6bc99f7b4c4fadd51cd5e6dd737\" title=\"Programare ITP\"><span>Programare ITP<\/span><\/a><\/div>[\/vc_column][\/vc_row]<\/p>\n<\/div>","protected":false},"excerpt":{"rendered":"<p>[vc_row margin_top=&#8221;-50&#8243; margin_bottom=&#8221;5&#8243; css=&#8221;.vc_custom_1467111287615{margin-bottom: 5px !important;}&#8221;][vc_column][vc_row_inner][vc_column_inner][vc_empty_space][\/vc_column_inner][\/vc_row_inner][vc_text_separator title=&#8221;&#8221; color=&#8221;custom&#8221; style=&#8221;shadow&#8221; border_width=&#8221;2&#8243; accent_color=&#8221;#b33d26&#8243;][vc_column_text][\/vc_column_text][vc_row_inner][vc_column_inner width=&#8221;1\/2&#8243;][vc_empty_space height=&#8221;20px&#8221;][vc_empty_space height=&#8221;40px&#8221;][vc_empty_space height=&#8221;15px&#8221;][vc_single_image image=&#8221;44273&#8243; img_size=&#8221;full&#8221; alignment=&#8221;center&#8221;][\/vc_column_inner][vc_column_inner width=&#8221;1\/2&#8243;][vc_single_image image=&#8221;43807&#8243; img_size=&#8221;large&#8221; alignment=&#8221;right&#8221;][\/vc_column_inner][\/vc_row_inner][\/vc_column][\/vc_row][vc_row][vc_column][vc_separator][vc_column_text] DESIGN SEDAN SPA\u021aIOS\u00a0DE FAMILIE [\/vc_column_text][vc_column_text] Modelul Logan \u00ee\u0219i dezv\u0103luie designul complet actualizat. Partea din fa\u021b\u0103 restilizat\u0103 \u0219i silueta robust\u0103 sunt eviden\u021biate de farurile de zi cu LED, noua semnatur\u0103 luminoas\u0103 \u00een form\u0103 de&hellip;<\/p>\n","protected":false},"author":1,"featured_media":0,"parent":0,"menu_order":0,"comment_status":"closed","ping_status":"closed","template":"","meta":{"footnotes":""},"class_list":["post-43888","page","type-page","status-publish","hentry","description-off"],"_links":{"self":[{"href":"https:\/\/daciacluj.ro\/dacia-cluj\/wp-json\/wp\/v2\/pages\/43888","targetHints":{"allow":["GET"]}}],"collection":[{"href":"https:\/\/daciacluj.ro\/dacia-cluj\/wp-json\/wp\/v2\/pages"}],"about":[{"href":"https:\/\/daciacluj.ro\/dacia-cluj\/wp-json\/wp\/v2\/types\/page"}],"author":[{"embeddable":true,"href":"https:\/\/daciacluj.ro\/dacia-cluj\/wp-json\/wp\/v2\/users\/1"}],"replies":[{"embeddable":true,"href":"https:\/\/daciacluj.ro\/dacia-cluj\/wp-json\/wp\/v2\/comments?post=43888"}],"version-history":[{"count":79,"href":"https:\/\/daciacluj.ro\/dacia-cluj\/wp-json\/wp\/v2\/pages\/43888\/revisions"}],"predecessor-version":[{"id":44420,"href":"https:\/\/daciacluj.ro\/dacia-cluj\/wp-json\/wp\/v2\/pages\/43888\/revisions\/44420"}],"wp:attachment":[{"href":"https:\/\/daciacluj.ro\/dacia-cluj\/wp-json\/wp\/v2\/media?parent=43888"}],"curies":[{"name":"wp","href":"https:\/\/api.w.org\/{rel}","templated":true}]}}